{"id":9254,"date":"2023-08-16T11:43:38","date_gmt":"2023-08-16T09:43:38","guid":{"rendered":"https:\/\/dev.hypoteq.ch\/declaration-de-confidentialite\/"},"modified":"2024-08-21T12:58:45","modified_gmt":"2024-08-21T10:58:45","slug":"declaration-de-confidentialite","status":"publish","type":"page","link":"https:\/\/www.hypoteq.ch\/fr\/declaration-de-confidentialite\/","title":{"rendered":"D\u00e9claration de confidentialit\u00e9"},"content":{"rendered":"\t\t<div data-elementor-type=\"wp-page\" data-elementor-id=\"9254\" class=\"elementor elementor-9254 elementor-4901\">\n\t\t\t\t\t\t<section class=\"elementor-section elementor-top-section elementor-element elementor-element-29a6d6e4 elementor-section-stretched elementor-section-full_width elementor-section-height-min-height elementor-section-height-default elementor-section-items-middle\" data-id=\"29a6d6e4\" data-element_type=\"section\" data-settings=\"{&quot;stretch_section&quot;:&quot;section-stretched&quot;,&quot;background_background&quot;:&quot;classic&quot;,&quot;shape_divider_bottom&quot;:&quot;curve&quot;}\">\n\t\t\t\t\t<div class=\"elementor-shape elementor-shape-bottom\" aria-hidden=\"true\" data-negative=\"false\">\n\t\t\t<svg xmlns=\"http:\/\/www.w3.org\/2000\/svg\" viewBox=\"0 0 1000 100\" preserveAspectRatio=\"none\">\n    <path class=\"elementor-shape-fill\" d=\"M1000,4.3V0H0v4.3C0.9,23.1,126.7,99.2,500,100S1000,22.7,1000,4.3z\"\/>\n<\/svg>\t\t<\/div>\n\t\t\t\t\t<div class=\"elementor-container elementor-column-gap-default\">\n\t\t\t\t\t<div class=\"elementor-column elementor-col-100 elementor-top-column elementor-element elementor-element-21ae75d9\" data-id=\"21ae75d9\" data-element_type=\"column\">\n\t\t\t<div class=\"elementor-widget-wrap elementor-element-populated\">\n\t\t\t\t\t\t<div class=\"elementor-element elementor-element-2c7781b9 elementor-widget__width-auto elementor-widget elementor-widget-heading\" data-id=\"2c7781b9\" data-element_type=\"widget\" data-widget_type=\"heading.default\">\n\t\t\t\t<div class=\"elementor-widget-container\">\n\t\t\t\t\t<h2 class=\"elementor-heading-title elementor-size-default\">D\u00e9claration de confidentialit\u00e9<\/h2>\t\t\t\t<\/div>\n\t\t\t\t<\/div>\n\t\t\t\t\t<\/div>\n\t\t<\/div>\n\t\t\t\t\t<\/div>\n\t\t<\/section>\n\t\t\t\t<section class=\"elementor-section elementor-top-section elementor-element elementor-element-81b246f elementor-section-boxed elementor-section-height-default elementor-section-height-default\" data-id=\"81b246f\" data-element_type=\"section\">\n\t\t\t\t\t\t<div class=\"elementor-container elementor-column-gap-default\">\n\t\t\t\t\t<div class=\"elementor-column elementor-col-100 elementor-top-column elementor-element elementor-element-416b26f\" data-id=\"416b26f\" data-element_type=\"column\">\n\t\t\t<div class=\"elementor-widget-wrap elementor-element-populated\">\n\t\t\t\t\t\t<div class=\"elementor-element elementor-element-fdc6c92 elementor-widget elementor-widget-text-editor\" data-id=\"fdc6c92\" data-element_type=\"widget\" data-widget_type=\"text-editor.default\">\n\t\t\t\t<div class=\"elementor-widget-container\">\n\t\t\t\t\t\t\t\t\t<p><span class=\"Apple-converted-space\"> <\/span>Dans la pr\u00e9sente d\u00e9claration de confidentialit\u00e9, nous, HYPOTEQ AG (ci-apr\u00e8s HYPOTEQ AG, nous ou nous-m\u00eames), d\u00e9crivons la mani\u00e8re dont nous collectons et traitons les donn\u00e9es personnelles.<br \/>\nCette d\u00e9claration de protection des donn\u00e9es ne constitue pas une description exhaustive ; d&rsquo;autres d\u00e9clarations relatives \u00e0 la protection des donn\u00e9es peuvent \u00e9ventuellement r\u00e9gler des situations sp\u00e9cifiques.<br \/>\nAux fins de la pr\u00e9sente d\u00e9claration de protection des donn\u00e9es, on entend par donn\u00e9es personnelles toutes les informations qui se rapportent \u00e0 une personne identifi\u00e9e ou identifiable.  <span class=\"Apple-converted-space\"> <\/span><\/p>\n<p><span class=\"Apple-converted-space\"> <\/span><b>1. entit\u00e9 responsable et contact<span class=\"Apple-converted-space\"> <\/span><\/b><\/p>\n<ul>\n<li>Le responsable du traitement des donn\u00e9es que nous d\u00e9crivons ici est HYPOTEQ AG, sauf indication contraire dans un cas particulier.<br \/>\nLes demandes relatives \u00e0 la protection des donn\u00e9es peuvent nous \u00eatre adress\u00e9es par courrier ou par e-mail, en joignant une copie de la carte d&rsquo;identit\u00e9 ou du passeport permettant d&rsquo;identifier l&rsquo;utilisateur : HYPOTEQ AG, Landvogt Waser-Str.<br \/>\n65, 8405 Winterthur, +41 44 564 73 70, info@hypoteq.ch  <span class=\"Apple-converted-space\"> <\/span><\/li>\n<\/ul>\n<p><b>2. collecte et traitement des donn\u00e9es personnelles<span class=\"Apple-converted-space\"> <\/span><\/b><\/p>\n<p>Nous traitons les donn\u00e9es personnelles en particulier dans les cat\u00e9gories de traitement suivantes.<span class=\"Apple-converted-space\"> <\/span><\/p>\n<ul>\n<li>les donn\u00e9es relatives aux clients pour lesquels nous fournissons ou avons fourni des services.<span class=\"Apple-converted-space\"> <\/span><\/li>\n<li>Donn\u00e9es personnelles que nous avons obtenues indirectement de nos clients dans le cadre de la prestation de services.<span class=\"Apple-converted-space\"> <\/span><\/li>\n<li>Lorsque vous visitez notre site web<span class=\"Apple-converted-space\"> <\/span><\/li>\n<li>Lorsque vous utilisez notre newsletter<span class=\"Apple-converted-space\"> <\/span><\/li>\n<li>En cas de participation \u00e0 un de nos \u00e9v\u00e9nements.<span class=\"Apple-converted-space\"> <\/span><\/li>\n<li>Lorsque nous communiquons ou qu&rsquo;une visite a lieu.<span class=\"Apple-converted-space\"> <\/span><\/li>\n<li>Dans le cas d&rsquo;une autre relation contractuelle, par exemple en tant que fournisseur, prestataire de services ou consultant.<span class=\"Apple-converted-space\"> <\/span><\/li>\n<li>Pour les candidatures<span class=\"Apple-converted-space\"> <\/span><\/li>\n<li>Lorsque nous sommes tenus de le faire pour des raisons l\u00e9gales ou r\u00e9glementaires.<span class=\"Apple-converted-space\"> <\/span><\/li>\n<li>Lorsque nous exer\u00e7ons notre devoir de diligence ou d&rsquo;autres int\u00e9r\u00eats l\u00e9gitimes, par exemple pour \u00e9viter les conflits d&rsquo;int\u00e9r\u00eats, pr\u00e9venir le blanchiment d&rsquo;argent ou d&rsquo;autres risques, garantir l&rsquo;exactitude des donn\u00e9es, v\u00e9rifier la solvabilit\u00e9, assurer la s\u00e9curit\u00e9 ou faire valoir nos droits.<span class=\"Apple-converted-space\"> <\/span><\/li>\n<\/ul>\n<p>Vous trouverez des informations plus d\u00e9taill\u00e9es dans la description de chaque cat\u00e9gorie de traitement au point 5.<\/p>\n<p><span class=\"Apple-converted-space\"> <\/span><b>3. cat\u00e9gories de donn\u00e9es personnelles<span class=\"Apple-converted-space\"> <\/span><\/b><\/p>\n<p>Les donn\u00e9es personnelles que nous traitons d\u00e9pendent de votre relation avec nous et de l&rsquo;objectif pour lequel nous les traitons.<br \/>\nOutre vos coordonn\u00e9es, nous traitons \u00e9galement d&rsquo;autres informations vous concernant ou concernant des personnes qui sont en relation avec vous.<br \/>\nDans certains cas, ces informations peuvent \u00eatre des donn\u00e9es personnelles sensibles.<br \/>\nNous collectons les cat\u00e9gories de donn\u00e9es personnelles suivantes, en fonction de l&rsquo;objectif pour lequel nous les traitons :   <span class=\"Apple-converted-space\"> <\/span><\/p>\n<ul>\n<li>Informations de contact (par ex. nom, pr\u00e9nom, adresse, num\u00e9ro de t\u00e9l\u00e9phone, e-mail)<span class=\"Apple-converted-space\"> <\/span><\/li>\n<li>Informations sur le client (par ex. date de naissance, nationalit\u00e9, \u00e9tat civil, profession, titre, intitul\u00e9 du poste, passeport \/ num\u00e9ro d&rsquo;identification, num\u00e9ro AVS)<span class=\"Apple-converted-space\"> <\/span><\/li>\n<li>donn\u00e9es d&rsquo;\u00e9valuation des risques (par exemple, informations sur la solvabilit\u00e9, donn\u00e9es du registre du commerce)<span class=\"Apple-converted-space\"> <\/span><\/li>\n<li>Informations financi\u00e8res (par exemple, donn\u00e9es relatives aux coordonn\u00e9es bancaires)<span class=\"Apple-converted-space\"> <\/span><\/li>\n<li>donn\u00e9es de mandats, selon le mandat (par exemple, informations fiscales, statuts, proc\u00e8s-verbaux, projets, contrats, donn\u00e9es sur les collaborateurs (par exemple, salaire, assurances sociales), donn\u00e9es comptables, ayants droit \u00e9conomiques, rapports de propri\u00e9t\u00e9)<span class=\"Apple-converted-space\"> <\/span><\/li>\n<li>Donn\u00e9es de site web (par exemple, adresse IP, informations sur le p\u00e9riph\u00e9rique (UDI), informations sur le navigateur, utilisation du site web (analyse et utilisation des plug-ins, etc.)<span class=\"Apple-converted-space\"> <\/span><\/li>\n<li>Donn\u00e9es de candidature (par ex. CV, certificats de travail)<span class=\"Apple-converted-space\"> <\/span><\/li>\n<li>Informations marketing (par exemple, inscription \u00e0 la newsletter)<span class=\"Apple-converted-space\"> <\/span><\/li>\n<li>donn\u00e9es de s\u00e9curit\u00e9 et de r\u00e9seau (par exemple, listes de visiteurs, contr\u00f4les d&rsquo;acc\u00e8s, scanners de r\u00e9seau et de messagerie, listes d&rsquo;appels t\u00e9l\u00e9phoniques)<span class=\"Apple-converted-space\"> <\/span><\/li>\n<\/ul>\n<p>Dans la mesure o\u00f9 cela est autoris\u00e9, nous extrayons \u00e9galement certaines donn\u00e9es de sources accessibles au public (p. ex. registre des poursuites, registre foncier, registre du commerce, presse, Internet) ou nous en recevons de nos clients et de leurs collaborateurs, des autorit\u00e9s, des tribunaux (arbitraux) et d&rsquo;autres tiers.<br \/>\nOutre les donn\u00e9es que vous nous fournissez directement, les cat\u00e9gories de donn\u00e9es personnelles que nous recevons de tiers \u00e0 votre sujet comprennent notamment des donn\u00e9es provenant de registres publics, des donn\u00e9es que nous apprenons dans le cadre de proc\u00e9dures administratives et judiciaires, des donn\u00e9es en rapport avec vos fonctions et activit\u00e9s professionnelles (afin que nous puissions, par ex. avec votre aide pour conclure et traiter des affaires avec votre employeur), des informations vous concernant dans le cadre de correspondances et d&rsquo;entretiens avec des tiers, des renseignements sur votre solvabilit\u00e9, des informations vous concernant que nous fournissent des personnes de votre entourage (famille, conseillers, repr\u00e9sentants juridiques, etc.) afin que nous puissions conclure ou traiter des contrats avec vous ou en faisant appel \u00e0 vous (p. ex. r\u00e9f\u00e9rences, votre adresse pour les livraisons, procurations), des informations relatives au respect des dispositions l\u00e9gales, telles que la lutte contre le blanchiment d&rsquo;argent et les restrictions \u00e0 l&rsquo;exportation, des informations fournies par les banques, les compagnies d&rsquo;assurance, les distributeurs et autres partenaires contractuels de notre soci\u00e9t\u00e9 concernant l&rsquo;utilisation ou la fourniture de prestations de votre part (par ex. paiements effectu\u00e9s, achats r\u00e9alis\u00e9s), des informations sur votre personne provenant des m\u00e9dias et d&rsquo;Internet (dans la mesure o\u00f9 cela est indiqu\u00e9 dans un cas concret, par ex.), vos adresses et, le cas \u00e9ch\u00e9ant, vos centres d&rsquo;int\u00e9r\u00eat et autres donn\u00e9es sociod\u00e9mographiques (pour le marketing), les donn\u00e9es li\u00e9es \u00e0 l&rsquo;utilisation du site web (par exemple, adresse IP, adresse MAC du smartphone ou de l&rsquo;ordinateur, informations sur votre appareil et ses param\u00e8tres, cookies, date et heure de la visite, pages et contenus consult\u00e9s, fonctions utilis\u00e9es, site web de r\u00e9f\u00e9rence, donn\u00e9es de localisation). <span class=\"Apple-converted-space\"> <\/span><\/p>\n<p><b>4. finalit\u00e9s du traitement des donn\u00e9es et base juridique<span class=\"Apple-converted-space\"> <\/span><\/b><\/p>\n<p><b>4.1.<br \/>\nErbringung von Dienstleistungen <span class=\"Apple-converted-space\"> <\/span><\/b><\/p>\n<p>Nous traitons en premier lieu les donn\u00e9es personnelles que nous recevons de nos clients et d&rsquo;autres personnes impliqu\u00e9es dans le cadre de nos relations contractuelles avec nos partenaires commerciaux.<span class=\"Apple-converted-space\"> <\/span><\/p>\n<p>Les donn\u00e9es personnelles de nos clients sont notamment les informations suivantes :<span class=\"Apple-converted-space\"> <\/span><\/p>\n<ul>\n<li>Informations de contact (par exemple, nom, pr\u00e9nom, adresse, num\u00e9ro de t\u00e9l\u00e9phone, e-mail, autres informations de contact)<span class=\"Apple-converted-space\"> <\/span><\/li>\n<li>Informations personnelles (par ex. date de naissance, nationalit\u00e9, \u00e9tat civil, profession, titre, intitul\u00e9 du poste, passeport \/ num\u00e9ro d&rsquo;identification, num\u00e9ro AVS, situation familiale, etc.)<span class=\"Apple-converted-space\"> <\/span><\/li>\n<li>donn\u00e9es d&rsquo;\u00e9valuation des risques (par exemple, informations sur la solvabilit\u00e9, donn\u00e9es du registre du commerce, listes de sanctions, bases de donn\u00e9es sp\u00e9cialis\u00e9es, donn\u00e9es provenant d&rsquo;Internet)<span class=\"Apple-converted-space\"> <\/span><\/li>\n<li>Informations financi\u00e8res (par exemple, donn\u00e9es sur les comptes bancaires, les investissements ou les participations)<span class=\"Apple-converted-space\"> <\/span><\/li>\n<li>Donn\u00e9es de mandats, selon le mandat, par exemple informations fiscales, statuts, proc\u00e8s-verbaux, donn\u00e9es sur les collaborateurs (par exemple salaire, assurances sociales), donn\u00e9es comptables, etc.<span class=\"Apple-converted-space\"> <\/span><\/li>\n<li>Donn\u00e9es personnelles sensibles : Parmi ces donn\u00e9es personnelles, il peut y avoir des donn\u00e9es sensibles, comme par exemple des donn\u00e9es relatives \u00e0 la sant\u00e9 ou \u00e0 l&rsquo;aide sociale.<br \/>\nLes donn\u00e9es relatives \u00e0 la sant\u00e9, aux opinions religieuses ou aux mesures d&rsquo;aide sociale, en particulier lorsque nous fournissons des services de traitement des salaires ou de comptabilit\u00e9. <span class=\"Apple-converted-space\"> <\/span><\/li>\n<\/ul>\n<p>Nous traitons ces donn\u00e9es personnelles aux fins d\u00e9crites sur la base des fondements juridiques suivants :<span class=\"Apple-converted-space\"> <\/span><\/p>\n<ul>\n<li>Conclusion ou ex\u00e9cution d&rsquo;un contrat avec la personne concern\u00e9e ou en faveur de la personne concern\u00e9e, y compris<br \/>\nPr\u00e9paration du contrat et ex\u00e9cution \u00e9ventuelle (p. ex. conseil, hypoth\u00e8que) <span class=\"Apple-converted-space\"> <\/span><\/li>\n<li>respect d&rsquo;une obligation l\u00e9gale (par exemple, lorsque nous exer\u00e7ons nos fonctions d&rsquo;auditeur ou sommes tenus de divulguer des informations)<span class=\"Apple-converted-space\"> <\/span><\/li>\n<li>la d\u00e9fense d&rsquo;int\u00e9r\u00eats l\u00e9gitimes (par exemple, \u00e0 des fins administratives, pour am\u00e9liorer notre qualit\u00e9, assurer la s\u00e9curit\u00e9, g\u00e9rer les risques, faire valoir nos droits, nous d\u00e9fendre contre des r\u00e9clamations ou examiner d&rsquo;\u00e9ventuels conflits d&rsquo;int\u00e9r\u00eats)<span class=\"Apple-converted-space\"> <\/span><\/li>\n<li>consentement (par exemple, pour leur envoyer des informations marketing).<span class=\"Apple-converted-space\"> <\/span><\/li>\n<\/ul>\n<p><b>4.2.<br \/>\nIndirekte Datenbearbeitung aus Leistungserbringung <span class=\"Apple-converted-space\"> <\/span><\/b><\/p>\n<p>Lorsque nous fournissons des services \u00e0 nos clients, il peut arriver que nous traitions \u00e9galement des donn\u00e9es personnelles que nous n&rsquo;avons pas collect\u00e9es directement aupr\u00e8s des personnes concern\u00e9es ou des donn\u00e9es personnelles de tiers.<br \/>\nCes tiers sont g\u00e9n\u00e9ralement des collaborateurs, des personnes de contact, des membres de la famille ou des personnes qui, pour d&rsquo;autres raisons, sont en relation avec les clients ou les personnes concern\u00e9es.<br \/>\nNous avons besoin de ces donn\u00e9es personnelles pour ex\u00e9cuter les contrats avec nos clients.<br \/>\nNous recevons ces donn\u00e9es personnelles de nos clients ou de tiers mandat\u00e9s par nos clients.<br \/>\nLes tiers dont nous traitons les informations \u00e0 cette fin sont inform\u00e9s par nos clients que nous traitons leurs donn\u00e9es.<br \/>\nPour ce faire, nos clients peuvent se r\u00e9f\u00e9rer \u00e0 la pr\u00e9sente d\u00e9claration de confidentialit\u00e9.     <span class=\"Apple-converted-space\"> <\/span><\/p>\n<p>Les donn\u00e9es personnelles des personnes qui sont en relation avec nos clients sont notamment les informations suivantes :<span class=\"Apple-converted-space\"> <\/span><\/p>\n<ul>\n<li>Informations de contact (par exemple, nom, pr\u00e9nom, adresse, num\u00e9ro de t\u00e9l\u00e9phone, e-mail, autres informations de contact, donn\u00e9es marketing)<span class=\"Apple-converted-space\"> <\/span><\/li>\n<li>Informations personnelles (par ex. date de naissance, nationalit\u00e9, \u00e9tat civil, profession, titre, intitul\u00e9 du poste, passeport \/ num\u00e9ro d&rsquo;identification, num\u00e9ro AVS, situation familiale, etc.)<span class=\"Apple-converted-space\"> <\/span><\/li>\n<li>Informations financi\u00e8res (par exemple, donn\u00e9es sur les comptes bancaires, les investissements ou les participations)<span class=\"Apple-converted-space\"> <\/span><\/li>\n<li>donn\u00e9es de mandats, selon le mandat, par exemple informations fiscales, statuts, proc\u00e8s-verbaux, donn\u00e9es des collaborateurs (par exemple salaire, assurances sociales), donn\u00e9es comptables<span class=\"Apple-converted-space\"> <\/span><\/li>\n<li>Donn\u00e9es personnelles sensibles : Parmi ces donn\u00e9es personnelles, il peut y avoir des donn\u00e9es sensibles, comme par exemple des donn\u00e9es relatives \u00e0 la sant\u00e9 ou \u00e0 l&rsquo;aide sociale.<br \/>\nLes donn\u00e9es relatives \u00e0 la sant\u00e9, aux opinions religieuses ou aux mesures d&rsquo;aide sociale, en particulier lorsque nous fournissons des services de traitement des salaires ou de comptabilit\u00e9. <span class=\"Apple-converted-space\"> <\/span><\/li>\n<\/ul>\n<p>Nous traitons ces donn\u00e9es personnelles aux fins d\u00e9crites sur la base des fondements juridiques suivants :<span class=\"Apple-converted-space\"> <\/span><\/p>\n<ul>\n<li>la conclusion ou l&rsquo;ex\u00e9cution d&rsquo;un contrat avec la personne concern\u00e9e ou en sa faveur (par exemple, lorsque nous assumons nos obligations contractuelles)<span class=\"Apple-converted-space\"> <\/span><\/li>\n<li>respect d&rsquo;une obligation l\u00e9gale (par exemple, lorsque nous exer\u00e7ons nos fonctions d&rsquo;auditeur ou sommes tenus de divulguer des informations)<span class=\"Apple-converted-space\"> <\/span><\/li>\n<li>la sauvegarde d&rsquo;int\u00e9r\u00eats l\u00e9gitimes, notamment notre int\u00e9r\u00eat \u00e0 fournir un service optimal \u00e0 nos clients.<span class=\"Apple-converted-space\"> <\/span><\/li>\n<\/ul>\n<p><b>4.3.<br \/>\nNutzung unserer Webseite <span class=\"Apple-converted-space\"> <\/span><\/b><\/p>\n<p>Pour utiliser notre site web, il n&rsquo;est pas n\u00e9cessaire de divulguer des donn\u00e9es personnelles.<br \/>\nCependant, \u00e0 chaque fois qu&rsquo;il est consult\u00e9, le serveur recueille un certain nombre d&rsquo;informations sur l&rsquo;utilisateur, qui sont temporairement stock\u00e9es dans les fichiers journaux du serveur. <span class=\"Apple-converted-space\"> <\/span><\/p>\n<p>L&rsquo;utilisation de ces informations g\u00e9n\u00e9rales ne permet pas d&rsquo;\u00e9tablir un lien avec une personne en particulier.<br \/>\nLa collecte de ces informations ou donn\u00e9es est techniquement n\u00e9cessaire pour afficher notre site web et en assurer la stabilit\u00e9 et la s\u00e9curit\u00e9.<br \/>\nCes informations sont \u00e9galement collect\u00e9es afin d&rsquo;am\u00e9liorer le site et d&rsquo;analyser son utilisation.  <span class=\"Apple-converted-space\"> <\/span><\/p>\n<p>Il s&rsquo;agit notamment des informations suivantes :<span class=\"Apple-converted-space\"> <\/span><\/p>\n<ul>\n<li>Informations de contact (par ex. nom, pr\u00e9nom, adresse, num\u00e9ro de t\u00e9l\u00e9phone, e-mail)<span class=\"Apple-converted-space\"> <\/span><\/li>\n<li>Autres informations que vous nous transmettez via le site web<span class=\"Apple-converted-space\"> <\/span><\/li>\n<li>Informations techniques transmises automatiquement \u00e0 nous ou \u00e0 nos prestataires de services, informations sur le comportement de l&rsquo;utilisateur ou les param\u00e8tres du site (par exemple, adresse IP, UDI, type d&rsquo;appareil, navigateur, nombre de clics sur la page, ouverture de la newsletter, clics sur les liens, etc.<span class=\"Apple-converted-space\"> <\/span><\/li>\n<\/ul>\n<p>Nous traitons ces donn\u00e9es personnelles aux fins d\u00e9crites sur la base des fondements juridiques suivants :<span class=\"Apple-converted-space\"> <\/span><\/p>\n<ul>\n<li>la d\u00e9fense d&rsquo;int\u00e9r\u00eats l\u00e9gitimes (par exemple, \u00e0 des fins administratives, pour am\u00e9liorer notre qualit\u00e9, analyser les donn\u00e9es ou faire conna\u00eetre nos services)<span class=\"Apple-converted-space\"> <\/span><\/li>\n<li>Consentement (par exemple \u00e0 l&rsquo;utilisation de cookies ou \u00e0 la newsletter).<span class=\"Apple-converted-space\"> <\/span><\/li>\n<\/ul>\n<p><b>4.4.<br \/>\nTeilnahme an Veranstaltungen <span class=\"Apple-converted-space\"> <\/span><\/b><\/p>\n<p>Lorsque vous participez \u00e0 un \u00e9v\u00e9nement que nous organisons, nous collectons des donn\u00e9es personnelles afin d&rsquo;organiser l&rsquo;\u00e9v\u00e9nement, de le mener \u00e0 bien et de vous envoyer \u00e9ventuellement des informations suppl\u00e9mentaires par la suite.<br \/>\nNous utilisons \u00e9galement vos informations pour vous informer d&rsquo;autres \u00e9v\u00e9nements.<br \/>\nIl se peut que nous vous photographiions ou que nous vous filmions lors de ces \u00e9v\u00e9nements et que nous publiions ces images en interne ou en externe.  <span class=\"Apple-converted-space\"> <\/span><\/p>\n<p>Il s&rsquo;agit notamment des informations suivantes :<span class=\"Apple-converted-space\"> <\/span><\/p>\n<ul>\n<li>Informations de contact (par ex. nom, pr\u00e9nom, adresse, num\u00e9ro de t\u00e9l\u00e9phone, e-mail)<span class=\"Apple-converted-space\"> <\/span><\/li>\n<li>Informations personnelles (par ex. profession, fonction, titre, soci\u00e9t\u00e9 employeur, habitudes alimentaires)<span class=\"Apple-converted-space\"> <\/span><\/li>\n<li>Images ou vid\u00e9os<span class=\"Apple-converted-space\"> <\/span><\/li>\n<li>Informations de paiement (par exemple, coordonn\u00e9es bancaires).<span class=\"Apple-converted-space\"> <\/span><\/li>\n<\/ul>\n<p>Nous traitons ces donn\u00e9es personnelles aux fins d\u00e9crites sur la base des fondements juridiques suivants :<span class=\"Apple-converted-space\"> <\/span><\/p>\n<ul>\n<li>Ex\u00e9cution d&rsquo;une obligation contractuelle avec la personne concern\u00e9e ou en faveur de la personne concern\u00e9e, y compris<br \/>\nPr\u00e9paration du contrat et ex\u00e9cution \u00e9ventuelle (permettre la participation \u00e0 l&rsquo;\u00e9v\u00e9nement) <span class=\"Apple-converted-space\"> <\/span><\/li>\n<li>d\u00e9fense d&rsquo;int\u00e9r\u00eats l\u00e9gitimes (par exemple, organisation d&rsquo;\u00e9v\u00e9nements, diffusion d&rsquo;informations sur notre \u00e9v\u00e9nement, fourniture de services, organisation efficace)<span class=\"Apple-converted-space\"> <\/span><\/li>\n<li>consentement (par exemple, pour leur envoyer des informations marketing ou cr\u00e9er des images).<span class=\"Apple-converted-space\"> <\/span><\/li>\n<\/ul>\n<p><b>4.5.<br \/>\nDirekte Kommunikation und Besuche <span class=\"Apple-converted-space\"> <\/span><\/b><\/p>\n<p>Lorsque vous nous contactez (par exemple par t\u00e9l\u00e9phone, e-mail ou chat) ou lorsque nous vous contactons, nous traitons les donn\u00e9es personnelles n\u00e9cessaires \u00e0 cette fin.<br \/>\nNous traitons \u00e9galement ces donn\u00e9es personnelles lorsque vous nous rendez visite.<br \/>\nDans ce cas, il se peut que vous deviez laisser vos coordonn\u00e9es avant votre visite ou \u00e0 la r\u00e9ception.<br \/>\nNous les conservons pendant un certain temps afin de prot\u00e9ger notre infrastructure et nos informations.   <span class=\"Apple-converted-space\"> <\/span><\/p>\n<p>Pour organiser des t\u00e9l\u00e9conf\u00e9rences, des r\u00e9unions en ligne, des vid\u00e9oconf\u00e9rences et\/ou des webinaires (\u00ab\u00a0r\u00e9unions en ligne\u00a0\u00bb), nous utilisons le service \u00ab\u00a0Zoom\u00a0\u00bb ou \u00ab\u00a0Microsoft Teams\u00a0\u00bb.<span class=\"Apple-converted-space\"> <\/span><\/p>\n<p>Nous traitons notamment les informations suivantes :<span class=\"Apple-converted-space\"> <\/span><\/p>\n<ul>\n<li>Informations de contact (par ex. nom, pr\u00e9nom, adresse, num\u00e9ro de t\u00e9l\u00e9phone, e-mail)<span class=\"Apple-converted-space\"> <\/span><\/li>\n<li>Donn\u00e9es marginales sur la communication (par exemple, adresse IP, dur\u00e9e de la communication, canal de communication)<span class=\"Apple-converted-space\"> <\/span><\/li>\n<li>Enregistrement des conversations, par exemple lors de vid\u00e9oconf\u00e9rences<span class=\"Apple-converted-space\"> <\/span><\/li>\n<li>D&rsquo;autres informations que l&rsquo;utilisateur t\u00e9l\u00e9charge, fournit ou cr\u00e9e lors de l&rsquo;utilisation du service de vid\u00e9oconf\u00e9rence, ainsi que les m\u00e9tadonn\u00e9es utilis\u00e9es pour la maintenance du service fourni.<span class=\"Apple-converted-space\"> <\/span><\/li>\n<li>Informations personnelles (par ex. profession, fonction, titre, soci\u00e9t\u00e9 employeur)<span class=\"Apple-converted-space\"> <\/span><\/li>\n<li>l&rsquo;heure et le motif de la visite.<span class=\"Apple-converted-space\"> <\/span><\/li>\n<\/ul>\n<p>Nous traitons ces donn\u00e9es personnelles aux fins d\u00e9crites sur la base des fondements juridiques suivants :<span class=\"Apple-converted-space\"> <\/span><\/p>\n<ul>\n<li>Ex\u00e9cution d&rsquo;une obligation contractuelle avec la personne concern\u00e9e ou en faveur de la personne concern\u00e9e, y compris l&rsquo;ex\u00e9cution d&rsquo;un contrat.<br \/>\nPr\u00e9paration du contrat et ex\u00e9cution \u00e9ventuelle (fourniture d&rsquo;un service) <span class=\"Apple-converted-space\"> <\/span><\/li>\n<li>la pr\u00e9servation d&rsquo;int\u00e9r\u00eats l\u00e9gitimes (par exemple, la s\u00e9curit\u00e9, la tra\u00e7abilit\u00e9 ainsi que la gestion et l&rsquo;administration des relations avec les clients).<span class=\"Apple-converted-space\"> <\/span><\/li>\n<\/ul>\n<p><b>4.6.<br \/>\nBewerbungen <span class=\"Apple-converted-space\"> <\/span><\/b><\/p>\n<p>Vous pouvez envoyer votre candidature \u00e0 un poste chez nous par courrier ou via l&rsquo;adresse \u00e9lectronique indiqu\u00e9e sur notre site web.<br \/>\nLes dossiers de candidature et toutes les donn\u00e9es personnelles qui nous sont ainsi communiqu\u00e9es sont trait\u00e9s de mani\u00e8re strictement confidentielle, ne sont pas divulgu\u00e9s \u00e0 des tiers et ne sont trait\u00e9s que dans le but de traiter votre candidature \u00e0 un emploi chez nous.<br \/>\nSauf accord contraire de votre part, votre dossier de candidature vous sera renvoy\u00e9 ou supprim\u00e9\/d\u00e9truit \u00e0 l&rsquo;issue de la proc\u00e9dure de candidature, \u00e0 moins qu&rsquo;il ne soit soumis \u00e0 une obligation l\u00e9gale de conservation.<br \/>\nLes bases juridiques du traitement de vos donn\u00e9es sont votre consentement, l&rsquo;ex\u00e9cution du contrat avec vous et nos int\u00e9r\u00eats l\u00e9gitimes.   <span class=\"Apple-converted-space\"> <\/span><\/p>\n<p>Nous traitons notamment les informations suivantes :<span class=\"Apple-converted-space\"> <\/span><\/p>\n<ul>\n<li>Informations de contact (par ex. nom, pr\u00e9nom, adresse, num\u00e9ro de t\u00e9l\u00e9phone, e-mail)<span class=\"Apple-converted-space\"> <\/span><\/li>\n<li>Informations personnelles (par ex. profession, fonction, titre, soci\u00e9t\u00e9 employeur)<span class=\"Apple-converted-space\"> <\/span><\/li>\n<li>Dossier de candidature (par ex. lettre de motivation, certificats, dipl\u00f4mes, CV)<span class=\"Apple-converted-space\"> <\/span><\/li>\n<li>Informations d&rsquo;\u00e9valuation (par exemple, \u00e9valuation des recruteurs, informations de r\u00e9f\u00e9rence, \u00e9valuations)<span class=\"Apple-converted-space\"> <\/span><\/li>\n<\/ul>\n<p>Nous traitons ces donn\u00e9es personnelles aux fins d\u00e9crites sur la base des fondements juridiques suivants :<span class=\"Apple-converted-space\"> <\/span><\/p>\n<ul>\n<li>Pr\u00e9servation d&rsquo;int\u00e9r\u00eats l\u00e9gitimes (par exemple, embauche de nouveaux collaborateurs)<span class=\"Apple-converted-space\"> <\/span><\/li>\n<li>consentement.<span class=\"Apple-converted-space\"> <\/span><\/li>\n<\/ul>\n<p><b>4.7.<br \/>\nLieferanten, Dienstleister, sonstige Vertragspartner <span class=\"Apple-converted-space\"> <\/span><\/b><\/p>\n<p>Lorsque nous concluons un contrat avec vous pour que vous nous fournissiez un service, nous traitons vos donn\u00e9es personnelles ou celles de vos employ\u00e9s.<br \/>\nNous en avons besoin pour communiquer avec vous et pour b\u00e9n\u00e9ficier de vos services.<br \/>\nNous pouvons \u00e9galement traiter ces donn\u00e9es personnelles pour v\u00e9rifier s&rsquo;il existe un conflit d&rsquo;int\u00e9r\u00eats en relation avec notre activit\u00e9 d&rsquo;organe de r\u00e9vision et pour nous assurer que notre collaboration ne nous expose pas \u00e0 des risques non souhait\u00e9s, par exemple en mati\u00e8re de blanchiment d&rsquo;argent ou de sanctions.  <span class=\"Apple-converted-space\"> <\/span><\/p>\n<p>Nous traitons notamment les informations suivantes :<span class=\"Apple-converted-space\"> <\/span><\/p>\n<ul>\n<li>Informations de contact (par exemple, nom, pr\u00e9nom, adresse, num\u00e9ro de t\u00e9l\u00e9phone, e-mail).<span class=\"Apple-converted-space\"> <\/span><\/li>\n<li>Informations personnelles (par ex. profession, fonction, titre, soci\u00e9t\u00e9 employeur).<span class=\"Apple-converted-space\"> <\/span><\/li>\n<li>les informations financi\u00e8res (par exemple, les donn\u00e9es relatives aux coordonn\u00e9es bancaires).<span class=\"Apple-converted-space\"> <\/span><\/li>\n<\/ul>\n<p>Nous traitons ces donn\u00e9es personnelles aux fins d\u00e9crites sur la base des fondements juridiques suivants :<span class=\"Apple-converted-space\"> <\/span><\/p>\n<ul>\n<li>conclure ou ex\u00e9cuter un contrat avec la personne concern\u00e9e ou en sa faveur, y compris<br \/>\nPr\u00e9paration du contrat et ex\u00e9cution \u00e9ventuelle <span class=\"Apple-converted-space\"> <\/span><\/li>\n<li>Pr\u00e9servation d&rsquo;int\u00e9r\u00eats l\u00e9gitimes, (par exemple, \u00e9viter les conflits d&rsquo;int\u00e9r\u00eats, prot\u00e9ger l&rsquo;entreprise, faire valoir des droits l\u00e9gaux).<span class=\"Apple-converted-space\"> <\/span><\/li>\n<\/ul>\n<p><b>5. technologies de suivi<span class=\"Apple-converted-space\"> <\/span><\/b><\/p>\n<p>Nous utilisons des cookies sur notre site web.<br \/>\nIl s&rsquo;agit de petits fichiers cr\u00e9\u00e9s automatiquement par votre navigateur et qui sont enregistr\u00e9s sur votre terminal (ordinateur portable, tablette, smartphone ou autre) lorsque vous visitez notre site. <span class=\"Apple-converted-space\"> <\/span><\/p>\n<p>Le cookie contient des informations relatives au terminal sp\u00e9cifique utilis\u00e9.<br \/>\nCela ne signifie toutefois pas que nous prenons directement connaissance de votre identit\u00e9.<br \/>\nL&rsquo;utilisation de cookies sert d&rsquo;une part \u00e0 rendre l&rsquo;utilisation de notre offre plus agr\u00e9able pour vous.<br \/>\nNous utilisons ainsi des cookies de session pour reconna\u00eetre que vous avez d\u00e9j\u00e0 visit\u00e9 certaines pages de notre site web.<br \/>\nCes cookies sont automatiquement supprim\u00e9s lorsque vous quittez notre site.    <span class=\"Apple-converted-space\"> <\/span><\/p>\n<p>Nous utilisons \u00e9galement des cookies temporaires qui sont stock\u00e9s sur votre terminal pendant une p\u00e9riode d\u00e9termin\u00e9e afin d&rsquo;am\u00e9liorer la convivialit\u00e9.<br \/>\nSi vous visitez \u00e0 nouveau notre site pour utiliser nos services, il est automatiquement reconnu que vous avez d\u00e9j\u00e0 \u00e9t\u00e9 sur notre site et quelles entr\u00e9es et param\u00e8tres vous avez effectu\u00e9s afin de ne pas avoir \u00e0 les saisir \u00e0 nouveau.<br \/>\nD&rsquo;autre part, nous utilisons des cookies pour enregistrer des statistiques sur l&rsquo;utilisation de notre site Web et les \u00e9valuer afin d&rsquo;optimiser notre offre pour vous.<br \/>\nCes cookies nous permettent de reconna\u00eetre automatiquement que vous avez d\u00e9j\u00e0 visit\u00e9 notre site lors d&rsquo;une nouvelle visite.<br \/>\nCes cookies sont automatiquement supprim\u00e9s apr\u00e8s une p\u00e9riode d\u00e9finie.    <span class=\"Apple-converted-space\"> <\/span><\/p>\n<p>Les donn\u00e9es trait\u00e9es par les cookies sont n\u00e9cessaires aux fins mentionn\u00e9es.<br \/>\nLa plupart des navigateurs acceptent automatiquement les cookies.<br \/>\nVous pouvez toutefois configurer votre navigateur de mani\u00e8re \u00e0 ce qu&rsquo;aucun cookie ne soit stock\u00e9 sur votre ordinateur ou qu&rsquo;un message apparaisse toujours avant la cr\u00e9ation d&rsquo;un nouveau cookie.<br \/>\nToutefois, la d\u00e9sactivation compl\u00e8te des cookies peut vous emp\u00eacher d&rsquo;utiliser toutes les fonctionnalit\u00e9s de notre site.   <span class=\"Apple-converted-space\"> <\/span><\/p>\n<p><b>6. analyse du web et des newsletters<span class=\"Apple-converted-space\"> <\/span><\/b><\/p>\n<p>Afin d&rsquo;obtenir des informations sur l&rsquo;utilisation de notre site web, d&rsquo;am\u00e9liorer notre offre Internet et de pouvoir vous adresser des publicit\u00e9s sur des sites web de tiers ou sur les m\u00e9dias sociaux, nous utilisons les outils d&rsquo;analyse web et les technologies de reciblage suivants : Google Analytics.<span class=\"Apple-converted-space\"> <\/span><\/p>\n<p>Ces outils sont mis \u00e0 disposition par des fournisseurs tiers.<br \/>\nEn r\u00e8gle g\u00e9n\u00e9rale, les informations collect\u00e9es \u00e0 cette fin sur l&rsquo;utilisation d&rsquo;un site web sont transmises au serveur du fournisseur tiers par l&rsquo;utilisation de cookies ou de technologies similaires.<br \/>\nSelon le fournisseur tiers, ces serveurs peuvent \u00eatre situ\u00e9s \u00e0 l&rsquo;\u00e9tranger.  <span class=\"Apple-converted-space\"> <\/span><\/p>\n<p>La transmission des donn\u00e9es se fait normalement en raccourcissant les adresses IP, ce qui emp\u00eache l&rsquo;identification des terminaux individuels. Une transmission de ces informations par des fournisseurs tiers n&rsquo;a lieu que sur la base de prescriptions l\u00e9gales ou dans le cadre du traitement des donn\u00e9es de commande. 7<span class=\"Apple-converted-space\"> <\/span><\/p>\n<p><b>6.1.<br \/>\nGoogle Analytics <span class=\"Apple-converted-space\"> <\/span><\/b><\/p>\n<p>Nous utilisons sur nos pages web Google Analytics, le service d&rsquo;analyse web de Google LLC, Mountain View, California, USA, comp\u00e9tent pour l&rsquo;Europe est Google Limited Ireland (\u00ab\u00a0Google\u00a0\u00bb). Pour d\u00e9sactiver Google Analytiscs, Google met \u00e0 disposition un plug-in de navigateur \u00e0 l&rsquo;adresse https:\/\/tools.google.com\/dlpage\/gaoptout?hl=de. Google Analytics utilise des cookies. Il s&rsquo;agit de petits fichiers texte qui permettent d&rsquo;enregistrer sur le terminal de l&rsquo;utilisateur des informations sp\u00e9cifiques \u00e0 ce dernier. Ils permettent \u00e0 Google d&rsquo;analyser l&rsquo;utilisation de notre site web. Les informations recueillies par le cookie sur l&rsquo;utilisation de nos pages (y compris votre adresse IP) sont g\u00e9n\u00e9ralement transmises \u00e0 un serveur de Google aux \u00c9tats-Unis et y sont stock\u00e9es. Nous attirons votre attention sur le fait que, sur ce site, Google Analytics a \u00e9t\u00e9 compl\u00e9t\u00e9 par le code \u00ab\u00a0gat._anonymizeIp() ;\u00a0\u00bb afin de garantir une saisie anonyme des adresses IP (ce que l&rsquo;on appelle le masquage IP). Si l&rsquo;anonymisation est activ\u00e9e, Google tronque les adresses IP dans les \u00c9tats membres de l&rsquo;Union europ\u00e9enne ou dans d&rsquo;autres \u00c9tats signataires de l&rsquo;accord sur l&rsquo;Espace \u00e9conomique europ\u00e9en, ce qui ne permet pas de vous identifier. Ce n&rsquo;est que dans des cas exceptionnels que l&rsquo;adresse IP compl\u00e8te est transmise \u00e0 un serveur de Google aux \u00c9tats-Unis et y est abr\u00e9g\u00e9e. Google peut associer votre adresse IP \u00e0 d&rsquo;autres donn\u00e9es de Google. Pour les transferts de donn\u00e9es vers les \u00c9tats-Unis, Google s&rsquo;est engag\u00e9 \u00e0 signer et \u00e0 respecter les clauses contractuelles types de l&rsquo;UE. .<span class=\"Apple-converted-space\"> <\/span><\/p>\n<p><b>6.2.<br \/>\nGoogle Maps <span class=\"Apple-converted-space\"> <\/span><\/b><\/p>\n<p>Sur notre site web, nous utilisons Google Maps (API) de Google Inc.<br \/>\n(1600 Amphitheatre Parkway, Mountain View, CA 94043, \u00c9tats-Unis ; responsable pour l&rsquo;Europe est Google Limited Ireland, \u00ab\u00a0Google\u00a0\u00bb).<br \/>\nGoogle Maps est un service web permettant d&rsquo;afficher des cartes interactives (terrestres) afin de repr\u00e9senter visuellement des informations g\u00e9ographiques.<br \/>\nL&rsquo;utilisation de ce service vous permet de voir o\u00f9 nous nous trouvons et de faciliter un \u00e9ventuel acc\u00e8s.<br \/>\nD\u00e8s l&rsquo;ouverture des sous-pages dans lesquelles la carte de Google Maps est int\u00e9gr\u00e9e, des informations sur votre utilisation de notre site web (comme par exemple votre adresse IP) sont transmises \u00e0 des serveurs de Google aux Etats-Unis et y sont enregistr\u00e9es.<br \/>\nCela se produit ind\u00e9pendamment du fait que Google mette \u00e0 disposition un compte d&rsquo;utilisateur avec lequel vous \u00eates connect\u00e9 ou qu&rsquo;il n&rsquo;existe pas de compte d&rsquo;utilisateur.<br \/>\nSi vous \u00eates connect\u00e9 \u00e0 Google, vos donn\u00e9es seront directement associ\u00e9es \u00e0 votre compte.<br \/>\nSi vous ne souhaitez pas que votre profil soit associ\u00e9 \u00e0 Google, vous devez vous d\u00e9connecter avant d&rsquo;activer le bouton.<br \/>\nGoogle enregistre vos donn\u00e9es (m\u00eame pour les utilisateurs non connect\u00e9s) en tant que profils d&rsquo;utilisation et les \u00e9value.<br \/>\nPour les transferts de donn\u00e9es vers les \u00c9tats-Unis, Google s&rsquo;est engag\u00e9 \u00e0 signer et \u00e0 respecter les clauses contractuelles types de l&rsquo;UE.         <span class=\"Apple-converted-space\"> <\/span><\/p>\n<p><b>6.3.<br \/>\nSocial Media Plugins <span class=\"Apple-converted-space\"> <\/span><\/b><\/p>\n<p>Notre site web utilise ce que l&rsquo;on appelle des plugins de m\u00e9dias sociaux (\u00ab\u00a0plugins\u00a0\u00bb) de fournisseurs tiers.<br \/>\nLes plugins sont identifiables par le logo du r\u00e9seau social concern\u00e9.<br \/>\nGr\u00e2ce aux plugins, nous vous offrons la possibilit\u00e9 d&rsquo;interagir avec les r\u00e9seaux sociaux et d&rsquo;autres utilisateurs.<br \/>\nNous utilisons les plugins suivants sur notre site web : Facebook, Twitter, LinkedIn, YouTube.<br \/>\nLorsque vous consultez notre site web, votre navigateur \u00e9tablit une connexion directe avec les serveurs du fournisseur tiers.<br \/>\nLe contenu du plugin (par exemple les vid\u00e9os YouTube) est transmis directement \u00e0 votre navigateur par le fournisseur tiers concern\u00e9 et int\u00e9gr\u00e9 dans la page.     <span class=\"Apple-converted-space\"> <\/span><\/p>\n<p>Le transfert de donn\u00e9es pour l&rsquo;affichage de contenus (par ex. publications sur Twitter) a lieu ind\u00e9pendamment du fait que vous poss\u00e9diez ou non un compte chez le fournisseur tiers et que vous y soyez connect\u00e9.<br \/>\nSi vous \u00eates connect\u00e9 chez le fournisseur tiers, les donn\u00e9es que nous collectons sont en outre directement attribu\u00e9es \u00e0 votre compte existant chez le fournisseur tiers.<br \/>\nSi vous activez les plug-ins, les informations seront \u00e9galement publi\u00e9es sur le r\u00e9seau social et affich\u00e9es \u00e0 vos contacts.<br \/>\nObjectif et port\u00e9e des 8   <span class=\"Apple-converted-space\"> <\/span><\/p>\n<p>Pour plus d&rsquo;informations sur la collecte, le traitement et l&rsquo;utilisation des donn\u00e9es par les fournisseurs tiers, ainsi que sur vos droits et options de configuration pour la protection de votre vie priv\u00e9e, veuillez consulter les informations sur la protection des donn\u00e9es des fournisseurs tiers.<br \/>\nLe fournisseur tiers enregistre les donn\u00e9es collect\u00e9es \u00e0 votre sujet sous forme de profils d&rsquo;utilisation et les utilise \u00e0 des fins de publicit\u00e9, d&rsquo;\u00e9tude de march\u00e9 et\/ou de conception de son site Web en fonction des besoins.<br \/>\nUne telle \u00e9valuation a lieu en particulier aussi pour les utilisateurs non connect\u00e9s afin de pr\u00e9senter une publicit\u00e9 adapt\u00e9e aux besoins et d&rsquo;informer les autres utilisateurs du r\u00e9seau social de vos activit\u00e9s sur notre site Web.<br \/>\nSi vous souhaitez emp\u00eacher que les fournisseurs tiers n&rsquo;attribuent pas les donn\u00e9es collect\u00e9es via notre site web \u00e0 votre profil personnel sur le r\u00e9seau social concern\u00e9, vous devez vous d\u00e9connecter du r\u00e9seau social correspondant avant de visiter notre site web.<br \/>\nVous pouvez \u00e9galement emp\u00eacher compl\u00e8tement le chargement des plug-ins en utilisant des modules compl\u00e9mentaires sp\u00e9cialis\u00e9s pour votre navigateur, tels que \u00ab\u00a0Ghostery\u00a0\u00bb (https:\/\/www.ghostery.com\/) ou \u00ab\u00a0NoScript\u00a0\u00bb (http:\/\/noscript.net\/).    <span class=\"Apple-converted-space\"> <\/span><\/p>\n<p><b>7. partage et transfert de donn\u00e9es<span class=\"Apple-converted-space\"> <\/span><\/b><\/p>\n<p>Nous ne transmettons vos donn\u00e9es \u00e0 des tiers que si cela est n\u00e9cessaire \u00e0 la fourniture de nos prestations, si ces tiers nous fournissent un service, si nous y sommes contraints par la loi ou les autorit\u00e9s ou si nous avons un int\u00e9r\u00eat pr\u00e9pond\u00e9rant \u00e0 la transmission des donn\u00e9es personnelles.<br \/>\nNous transmettrons \u00e9galement des donn\u00e9es personnelles \u00e0 des tiers si vous avez donn\u00e9 votre consentement ou si vous nous avez demand\u00e9 de le faire. <span class=\"Apple-converted-space\"> <\/span><\/p>\n<p>Les donn\u00e9es personnelles ne sont pas toutes transmises sous forme crypt\u00e9e par d\u00e9faut.<br \/>\nSauf accord contraire explicite avec le client, les donn\u00e9es comptables, les donn\u00e9es d&rsquo;administration des salaires, les d\u00e9comptes et certificats de salaire sont transmis sans \u00eatre crypt\u00e9s. <span class=\"Apple-converted-space\"> <\/span><\/p>\n<p>Les cat\u00e9gories suivantes de destinataires peuvent recevoir des donn\u00e9es personnelles de notre part :<span class=\"Apple-converted-space\"> <\/span><\/p>\n<ul>\n<li>les prestataires de services (par exemple, les fournisseurs de services informatiques, les fournisseurs d&rsquo;h\u00e9bergement, les fournisseurs, les consultants, les avocats, les compagnies d&rsquo;assurance).<\/li>\n<li>des tiers dans le cadre de nos obligations l\u00e9gales ou contractuelles, des autorit\u00e9s, des organismes publics, des tribunaux.<span class=\"Apple-converted-space\"> <\/span><\/li>\n<\/ul>\n<p>Nous concluons avec les prestataires de services qui traitent des donn\u00e9es personnelles en notre nom des contrats qui les obligent \u00e0 garantir la protection des donn\u00e9es.<br \/>\nLa plupart de nos prestataires de services sont situ\u00e9s en Suisse ou dans l&rsquo;UE \/ l&rsquo;EEE.<br \/>\nCertaines donn\u00e9es personnelles peuvent \u00e9galement \u00eatre transf\u00e9r\u00e9es aux \u00c9tats-Unis (par exemple, les donn\u00e9es Google Analytics) ou, dans des cas exceptionnels, dans d&rsquo;autres pays du monde.<br \/>\nSi un transfert de donn\u00e9es vers d&rsquo;autres pays ne disposant pas d&rsquo;un niveau de protection des donn\u00e9es ad\u00e9quat s&rsquo;av\u00e8re n\u00e9cessaire, il sera effectu\u00e9 sur la base des clauses contractuelles types de l&rsquo;UE (par exemple dans le cas de Google) ou d&rsquo;autres instruments appropri\u00e9s).   <span class=\"Apple-converted-space\"> <\/span><\/p>\n<p><b>8. dur\u00e9e de conservation des donn\u00e9es personnelles<span class=\"Apple-converted-space\"> <\/span><\/b><\/p>\n<p>Nous traitons et conservons vos donn\u00e9es personnelles aussi longtemps que cela est n\u00e9cessaire pour remplir nos obligations contractuelles et l\u00e9gales ou pour atteindre les objectifs poursuivis par le traitement, c&rsquo;est-\u00e0-dire, par exemple, pendant toute la dur\u00e9e de la relation commerciale (de l&rsquo;initiation, de l&rsquo;ex\u00e9cution et de la r\u00e9siliation d&rsquo;un contrat) et au-del\u00e0, conform\u00e9ment aux obligations l\u00e9gales de conservation et de documentation. Dans ce contexte, il est possible que les donn\u00e9es personnelles soient conserv\u00e9es pendant la p\u00e9riode au cours de laquelle des droits peuvent \u00eatre exerc\u00e9s \u00e0 l&rsquo;encontre de notre entreprise (c&rsquo;est-\u00e0-dire notamment pendant le d\u00e9lai de prescription l\u00e9gal) et dans la mesure o\u00f9 nous y sommes contraints par ailleurs par la loi ou si des int\u00e9r\u00eats commerciaux l\u00e9gitimes l&rsquo;exigent (par exemple \u00e0 des fins de preuve et de documentation). D\u00e8s que vos donn\u00e9es personnelles ne sont plus n\u00e9cessaires aux fins susmentionn\u00e9es, elles sont en principe et dans la mesure du possible supprim\u00e9es ou rendues anonymes. Des d\u00e9lais de conservation plus courts, de douze mois ou moins, s&rsquo;appliquent en principe aux donn\u00e9es d&rsquo;exploitation (p. ex. journaux de syst\u00e8me, logs). 9<span class=\"Apple-converted-space\"> <\/span><\/p>\n<p><b>9. s\u00e9curit\u00e9 des donn\u00e9es<span class=\"Apple-converted-space\"> <\/span><\/b><\/p>\n<p>Nous prenons des mesures de s\u00e9curit\u00e9 techniques et organisationnelles appropri\u00e9es pour prot\u00e9ger vos donn\u00e9es personnelles contre tout acc\u00e8s non autoris\u00e9 et toute utilisation abusive, telles que l&rsquo;\u00e9mission de directives, la formation, les solutions de s\u00e9curit\u00e9 informatique et de r\u00e9seau, les contr\u00f4les et restrictions d&rsquo;acc\u00e8s, le cryptage des supports de donn\u00e9es et des transmissions, la pseudonymisation et les contr\u00f4les.<span class=\"Apple-converted-space\"> <\/span><\/p>\n<p><b>10. obligation de fournir des donn\u00e9es personnelles<span class=\"Apple-converted-space\"> <\/span><\/b><\/p>\n<p>Dans le cadre de notre relation d&rsquo;affaires, vous devez fournir les donn\u00e9es personnelles n\u00e9cessaires \u00e0 l&rsquo;\u00e9tablissement et \u00e0 l&rsquo;ex\u00e9cution d&rsquo;une relation d&rsquo;affaires et au respect des obligations contractuelles qui y sont li\u00e9es (vous n&rsquo;avez g\u00e9n\u00e9ralement pas d&rsquo;obligation l\u00e9gale de nous fournir des donn\u00e9es).<br \/>\nSans ces donn\u00e9es, nous ne serons pas en mesure de conclure un contrat avec vous (ou avec l&rsquo;entit\u00e9 ou la personne que vous repr\u00e9sentez) ou de l&rsquo;ex\u00e9cuter.<br \/>\nDe m\u00eame, le site web ne peut pas \u00eatre utilis\u00e9 si certaines donn\u00e9es permettant de s\u00e9curiser le trafic de donn\u00e9es (comme l&rsquo;adresse IP) ne sont pas divulgu\u00e9es.  <span class=\"Apple-converted-space\"> <\/span><\/p>\n<p><b>11. vos droits<span class=\"Apple-converted-space\"> <\/span><\/b><\/p>\n<p>Vous disposez des droits suivants en ce qui concerne notre traitement des donn\u00e9es personnelles :<span class=\"Apple-converted-space\"> <\/span><\/p>\n<ul>\n<li>Droit d&rsquo;acc\u00e8s aux donn\u00e9es personnelles que nous avons enregistr\u00e9es \u00e0 votre sujet, \u00e0 la finalit\u00e9 du traitement, \u00e0 l&rsquo;origine ainsi qu&rsquo;aux destinataires ou cat\u00e9gories de destinataires auxquels les donn\u00e9es personnelles sont transmises.<span class=\"Apple-converted-space\"> <\/span><\/li>\n<li>Droit de rectification si vos donn\u00e9es sont inexactes ou incompl\u00e8tes.<span class=\"Apple-converted-space\"> <\/span><\/li>\n<li>Droit de limiter le traitement de vos donn\u00e9es personnelles<span class=\"Apple-converted-space\"> <\/span><\/li>\n<li>Droit d&rsquo;exiger l&rsquo;effacement des donn\u00e9es personnelles trait\u00e9es<span class=\"Apple-converted-space\"> <\/span><\/li>\n<li>Droit \u00e0 la portabilit\u00e9 des donn\u00e9es<span class=\"Apple-converted-space\"> <\/span><\/li>\n<li>Droit de s&rsquo;opposer \u00e0 un traitement de donn\u00e9es ou de r\u00e9voquer \u00e0 tout moment un consentement au traitement de donn\u00e9es personnelles sans avoir \u00e0 se justifier.<span class=\"Apple-converted-space\"> <\/span><\/li>\n<li>Droit de d\u00e9poser une plainte aupr\u00e8s d&rsquo;une autorit\u00e9 de contr\u00f4le comp\u00e9tente, si la loi le pr\u00e9voit.<span class=\"Apple-converted-space\"> <\/span><\/li>\n<\/ul>\n<p>Pour faire valoir ces droits, veuillez vous adresser \u00e0 l&rsquo;adresse indiqu\u00e9e au point.<br \/>\n1. <span class=\"Apple-converted-space\"> <\/span><\/p>\n<p>Veuillez toutefois noter que nous nous r\u00e9servons le droit de faire valoir de notre c\u00f4t\u00e9 les restrictions pr\u00e9vues par la loi, par exemple si nous sommes tenus de conserver ou de traiter certaines donn\u00e9es, si nous avons un int\u00e9r\u00eat pr\u00e9pond\u00e9rant \u00e0 le faire (dans la mesure o\u00f9 nous pouvons l&rsquo;invoquer) ou si nous en avons besoin pour faire valoir des droits.<br \/>\nSi des frais vous sont imput\u00e9s, nous vous en informerons au pr\u00e9alable. <span class=\"Apple-converted-space\"> <\/span><\/p>\n<p><b>12. modification de la d\u00e9claration de confidentialit\u00e9<span class=\"Apple-converted-space\"> <\/span><\/b><\/p>\n<p>Nous nous r\u00e9servons express\u00e9ment le droit de modifier \u00e0 tout moment la pr\u00e9sente d\u00e9claration de confidentialit\u00e9.<br \/>\nDerni\u00e8re mise \u00e0 jour : ao\u00fbt 2023 <span class=\"Apple-converted-space\"> <\/span><\/p>\n<p><span class=\"Apple-converted-space\"> <\/span><\/p>\n\t\t\t\t\t\t\t\t<\/div>\n\t\t\t\t<\/div>\n\t\t\t\t\t<\/div>\n\t\t<\/div>\n\t\t\t\t\t<\/div>\n\t\t<\/section>\n\t\t\t\t<\/div>\n\t\t","protected":false},"excerpt":{"rendered":"<p>D\u00e9claration de confidentialit\u00e9 Dans la pr\u00e9sente d\u00e9claration de confidentialit\u00e9, nous, HYPOTEQ AG (ci-apr\u00e8s HYPOTEQ AG, nous ou nous-m\u00eames), d\u00e9crivons la<\/p>\n","protected":false},"author":1,"featured_media":0,"parent":0,"menu_order":0,"comment_status":"closed","ping_status":"closed","template":"","meta":{"_acf_changed":false,"inline_featured_image":false,"footnotes":""},"acf":[],"yoast_head":"<!-- This site is optimized with the Yoast SEO plugin v24.5 - https:\/\/yoast.com\/wordpress\/plugins\/seo\/ -->\n<title>D\u00e9claration de confidentialit\u00e9 - HYPOTEQ AG - g\u00fcnstige Hypothek mit Profi-Beratung<\/title>\n<meta name=\"description\" content=\"HYPOTEQ AG - g\u00fcnstige Hypothek mit Profi-Beratung D\u00e9claration de confidentialit\u00e9 -\" \/>\n<meta name=\"robots\" content=\"index, follow, max-snippet:-1, max-image-preview:large, max-video-preview:-1\" \/>\n<link rel=\"canonical\" href=\"https:\/\/www.hypoteq.ch\/fr\/declaration-de-confidentialite\/\" \/>\n<meta property=\"og:locale\" content=\"fr_FR\" \/>\n<meta property=\"og:type\" content=\"article\" \/>\n<meta property=\"og:title\" content=\"D\u00e9claration de confidentialit\u00e9 - HYPOTEQ AG - g\u00fcnstige Hypothek mit Profi-Beratung\" \/>\n<meta property=\"og:description\" content=\"HYPOTEQ AG - g\u00fcnstige Hypothek mit Profi-Beratung D\u00e9claration de confidentialit\u00e9 -\" \/>\n<meta property=\"og:url\" content=\"https:\/\/www.hypoteq.ch\/fr\/declaration-de-confidentialite\/\" \/>\n<meta property=\"og:site_name\" content=\"HYPOTEQ AG - g\u00fcnstige Hypothek mit Profi-Beratung\" \/>\n<meta property=\"article:modified_time\" content=\"2024-08-21T10:58:45+00:00\" \/>\n<meta name=\"twitter:card\" content=\"summary_large_image\" \/>\n<meta name=\"twitter:label1\" content=\"Dur\u00e9e de lecture estim\u00e9e\" \/>\n\t<meta name=\"twitter:data1\" content=\"26 minutes\" \/>\n<script type=\"application\/ld+json\" class=\"yoast-schema-graph\">{\"@context\":\"https:\/\/schema.org\",\"@graph\":[{\"@type\":\"WebPage\",\"@id\":\"https:\/\/www.hypoteq.ch\/fr\/declaration-de-confidentialite\/\",\"url\":\"https:\/\/www.hypoteq.ch\/fr\/declaration-de-confidentialite\/\",\"name\":\"D\u00e9claration de confidentialit\u00e9 - HYPOTEQ AG - g\u00fcnstige Hypothek mit Profi-Beratung\",\"isPartOf\":{\"@id\":\"https:\/\/www.hypoteq.ch\/fr\/#website\"},\"datePublished\":\"2023-08-16T09:43:38+00:00\",\"dateModified\":\"2024-08-21T10:58:45+00:00\",\"description\":\"HYPOTEQ AG - g\u00fcnstige Hypothek mit Profi-Beratung D\u00e9claration de confidentialit\u00e9 -\",\"breadcrumb\":{\"@id\":\"https:\/\/www.hypoteq.ch\/fr\/declaration-de-confidentialite\/#breadcrumb\"},\"inLanguage\":\"fr-FR\",\"potentialAction\":[{\"@type\":\"ReadAction\",\"target\":[\"https:\/\/www.hypoteq.ch\/fr\/declaration-de-confidentialite\/\"]}]},{\"@type\":\"BreadcrumbList\",\"@id\":\"https:\/\/www.hypoteq.ch\/fr\/declaration-de-confidentialite\/#breadcrumb\",\"itemListElement\":[{\"@type\":\"ListItem\",\"position\":1,\"name\":\"Home\",\"item\":\"https:\/\/www.hypoteq.ch\/fr\/\"},{\"@type\":\"ListItem\",\"position\":2,\"name\":\"D\u00e9claration de confidentialit\u00e9\"}]},{\"@type\":\"WebSite\",\"@id\":\"https:\/\/www.hypoteq.ch\/fr\/#website\",\"url\":\"https:\/\/www.hypoteq.ch\/fr\/\",\"name\":\"HYPOTEQ AG - g\u00fcnstige Hypothek mit Profi-Beratung\",\"description\":\"\",\"publisher\":{\"@id\":\"https:\/\/www.hypoteq.ch\/fr\/#organization\"},\"potentialAction\":[{\"@type\":\"SearchAction\",\"target\":{\"@type\":\"EntryPoint\",\"urlTemplate\":\"https:\/\/www.hypoteq.ch\/fr\/?s={search_term_string}\"},\"query-input\":{\"@type\":\"PropertyValueSpecification\",\"valueRequired\":true,\"valueName\":\"search_term_string\"}}],\"inLanguage\":\"fr-FR\"},{\"@type\":\"Organization\",\"@id\":\"https:\/\/www.hypoteq.ch\/fr\/#organization\",\"name\":\"HYPOTEQ AG\",\"url\":\"https:\/\/www.hypoteq.ch\/fr\/\",\"logo\":{\"@type\":\"ImageObject\",\"inLanguage\":\"fr-FR\",\"@id\":\"https:\/\/www.hypoteq.ch\/fr\/#\/schema\/logo\/image\/\",\"url\":\"\",\"contentUrl\":\"\",\"caption\":\"HYPOTEQ AG\"},\"image\":{\"@id\":\"https:\/\/www.hypoteq.ch\/fr\/#\/schema\/logo\/image\/\"}}]}<\/script>\n<!-- \/ Yoast SEO plugin. -->","yoast_head_json":{"title":"D\u00e9claration de confidentialit\u00e9 - HYPOTEQ AG - g\u00fcnstige Hypothek mit Profi-Beratung","description":"HYPOTEQ AG - g\u00fcnstige Hypothek mit Profi-Beratung D\u00e9claration de confidentialit\u00e9 -","robots":{"index":"index","follow":"follow","max-snippet":"max-snippet:-1","max-image-preview":"max-image-preview:large","max-video-preview":"max-video-preview:-1"},"canonical":"https:\/\/www.hypoteq.ch\/fr\/declaration-de-confidentialite\/","og_locale":"fr_FR","og_type":"article","og_title":"D\u00e9claration de confidentialit\u00e9 - HYPOTEQ AG - g\u00fcnstige Hypothek mit Profi-Beratung","og_description":"HYPOTEQ AG - g\u00fcnstige Hypothek mit Profi-Beratung D\u00e9claration de confidentialit\u00e9 -","og_url":"https:\/\/www.hypoteq.ch\/fr\/declaration-de-confidentialite\/","og_site_name":"HYPOTEQ AG - g\u00fcnstige Hypothek mit Profi-Beratung","article_modified_time":"2024-08-21T10:58:45+00:00","twitter_card":"summary_large_image","twitter_misc":{"Dur\u00e9e de lecture estim\u00e9e":"26 minutes"},"schema":{"@context":"https:\/\/schema.org","@graph":[{"@type":"WebPage","@id":"https:\/\/www.hypoteq.ch\/fr\/declaration-de-confidentialite\/","url":"https:\/\/www.hypoteq.ch\/fr\/declaration-de-confidentialite\/","name":"D\u00e9claration de confidentialit\u00e9 - HYPOTEQ AG - g\u00fcnstige Hypothek mit Profi-Beratung","isPartOf":{"@id":"https:\/\/www.hypoteq.ch\/fr\/#website"},"datePublished":"2023-08-16T09:43:38+00:00","dateModified":"2024-08-21T10:58:45+00:00","description":"HYPOTEQ AG - g\u00fcnstige Hypothek mit Profi-Beratung D\u00e9claration de confidentialit\u00e9 -","breadcrumb":{"@id":"https:\/\/www.hypoteq.ch\/fr\/declaration-de-confidentialite\/#breadcrumb"},"inLanguage":"fr-FR","potentialAction":[{"@type":"ReadAction","target":["https:\/\/www.hypoteq.ch\/fr\/declaration-de-confidentialite\/"]}]},{"@type":"BreadcrumbList","@id":"https:\/\/www.hypoteq.ch\/fr\/declaration-de-confidentialite\/#breadcrumb","itemListElement":[{"@type":"ListItem","position":1,"name":"Home","item":"https:\/\/www.hypoteq.ch\/fr\/"},{"@type":"ListItem","position":2,"name":"D\u00e9claration de confidentialit\u00e9"}]},{"@type":"WebSite","@id":"https:\/\/www.hypoteq.ch\/fr\/#website","url":"https:\/\/www.hypoteq.ch\/fr\/","name":"HYPOTEQ AG - g\u00fcnstige Hypothek mit Profi-Beratung","description":"","publisher":{"@id":"https:\/\/www.hypoteq.ch\/fr\/#organization"},"potentialAction":[{"@type":"SearchAction","target":{"@type":"EntryPoint","urlTemplate":"https:\/\/www.hypoteq.ch\/fr\/?s={search_term_string}"},"query-input":{"@type":"PropertyValueSpecification","valueRequired":true,"valueName":"search_term_string"}}],"inLanguage":"fr-FR"},{"@type":"Organization","@id":"https:\/\/www.hypoteq.ch\/fr\/#organization","name":"HYPOTEQ AG","url":"https:\/\/www.hypoteq.ch\/fr\/","logo":{"@type":"ImageObject","inLanguage":"fr-FR","@id":"https:\/\/www.hypoteq.ch\/fr\/#\/schema\/logo\/image\/","url":"","contentUrl":"","caption":"HYPOTEQ AG"},"image":{"@id":"https:\/\/www.hypoteq.ch\/fr\/#\/schema\/logo\/image\/"}}]}},"_links":{"self":[{"href":"https:\/\/www.hypoteq.ch\/fr\/wp-json\/wp\/v2\/pages\/9254"}],"collection":[{"href":"https:\/\/www.hypoteq.ch\/fr\/wp-json\/wp\/v2\/pages"}],"about":[{"href":"https:\/\/www.hypoteq.ch\/fr\/wp-json\/wp\/v2\/types\/page"}],"author":[{"embeddable":true,"href":"https:\/\/www.hypoteq.ch\/fr\/wp-json\/wp\/v2\/users\/1"}],"replies":[{"embeddable":true,"href":"https:\/\/www.hypoteq.ch\/fr\/wp-json\/wp\/v2\/comments?post=9254"}],"version-history":[{"count":1,"href":"https:\/\/www.hypoteq.ch\/fr\/wp-json\/wp\/v2\/pages\/9254\/revisions"}],"predecessor-version":[{"id":9256,"href":"https:\/\/www.hypoteq.ch\/fr\/wp-json\/wp\/v2\/pages\/9254\/revisions\/9256"}],"wp:attachment":[{"href":"https:\/\/www.hypoteq.ch\/fr\/wp-json\/wp\/v2\/media?parent=9254"}],"curies":[{"name":"wp","href":"https:\/\/api.w.org\/{rel}","templated":true}]}}